{"id":2823,"date":"2020-01-09T19:57:58","date_gmt":"2020-01-09T18:57:58","guid":{"rendered":"http:\/\/www.avlaflor.org\/?page_id=2823"},"modified":"2025-01-06T10:47:58","modified_gmt":"2025-01-06T09:47:58","slug":"los-objetivos-de-desarrollo-sostenible-ods-2030","status":"publish","type":"page","link":"https:\/\/www.avlaflor.org\/?page_id=2823","title":{"rendered":"Objetivos de Desarrollo Sostenible 2030"},"content":{"rendered":"\n<p class=\"has-medium-font-size\">En septiembre del 2015 Naciones Unidas aprob\u00f3 la <strong><a rel=\"noreferrer noopener\" aria-label=\"Agenda 2030 (opens in a new tab)\" href=\"https:\/\/undocs.org\/es\/A\/RES\/70\/1\" target=\"_blank\">Agenda 2030<\/a><\/strong>, un conjunto de  <a rel=\"noreferrer noopener\" aria-label=\" (opens in a new tab)\" href=\"http:\/\/www.un.org\/sustainabledevelopment\/es\/\" target=\"_blank\"><strong>17 Objetivos de Desarrollo Sostenible<\/strong><\/a>\u00a0(ODS) encaminados a erradicar la pobreza, reducir la desigualdad, proteger el planeta, el disfrute de derechos sin ning\u00fan tipo de discriminaci\u00f3n&#8230;, en definitiva, asegurar la prosperidad para todas las personas como parte de una\u00a0nueva agenda de desarrollo sostenible. Cada objetivo tiene metas espec\u00edficas que deben alcanzarse en los pr\u00f3ximos 15 a\u00f1os.  Ya hemos pasado ocho de ellos.<\/p>\n\n\n\n<p class=\"has-medium-font-size\">Este acuerdo entre Estados cont\u00f3 con la participaci\u00f3n de la sociedad civil, y establece metas que comprometen a todos los gobiernos, estatales, regionales y locales. <\/p>\n\n\n\n<p class=\"has-medium-font-size\">En el 2019 Naciones Unidas public\u00f3 un primer  <strong><a rel=\"noreferrer noopener\" aria-label=\"informe de situaci\u00f3n,  (opens in a new tab)\" href=\"https:\/\/unstats.un.org\/sdgs\/report\/2019\/The-Sustainable-Development-Goals-Report-2019_Spanish.pdf\" target=\"_blank\">informe de situaci\u00f3n <\/a><\/strong>, y este a\u00f1o 2023 se ha celebrado una <strong><a rel=\"noreferrer noopener\" href=\"https:\/\/www.un.org\/en\/conferences\/SDGSummit2023\" target=\"_blank\">Cumbre sobre los ODS 2030<\/a><\/strong> para realizar una revisi\u00f3n del estado de los 17 Objetivos, con el fin de tomar las medidas necesarias para conseguir llegar a la meta 2030. <\/p>\n\n\n\n<p class=\"has-medium-font-size\">Por su parte, el <strong><a href=\"https:\/\/www.mdsocialesa2030.gob.es\/agenda2030\/index.htm\" target=\"_blank\" rel=\"noreferrer noopener\">Gobierno Espa\u00f1ol<\/a><\/strong> ha comenzado a incorporar la perspectiva de los ODS, con la difusi\u00f3n de los mismos, aunque a\u00fan estamos lejos de la integralidad que se requiere: cada objetivo incide en diferentes ministerios, tem\u00e1ticas, actuaciones&#8230; <\/p>\n\n\n\n<p class=\"has-medium-font-size\">En  septiembre del 2020 se reuni\u00f3 por primera vez el <strong><a href=\"https:\/\/www.mdsocialesa2030.gob.es\/agenda2030\/consejo-desarrollo-sostenible.htm\" target=\"_blank\" rel=\"noreferrer noopener\">Consejo de Desarrollo Sostenible<\/a><\/strong>, en el que las <strong><a rel=\"noreferrer noopener\" href=\"http:\/\/www.avlaflor.org\/wp-content\/uploads\/2021\/01\/PIGYa-en-Consejo-Desarrollo-Sostenible-29.09.20.pdf\" target=\"_blank\">organizaciones feministas<\/a><\/strong> presentes consiguieron que se crease un <strong>Grupo de Trabajo de Igualdad de G\u00e9nero<\/strong>, para impulsar la transversalidad en todos los ODS.<\/p>\n\n\n\n<p class=\"has-medium-font-size\">Por parte del Ayuntamiento de Madrid, aprob\u00f3 en septiembre de 2021 una <strong><a rel=\"noreferrer noopener\" href=\"https:\/\/transparencia.madrid.es\/portales\/transparencia\/es\/Organizacion\/Planes-y-memorias\/Planes\/Estrategia-de-Localizacion-de-los-Objetivos-de-Desarrollo-Sostenible-de-la-Agenda-2030\/?vgnextoid=2f8d3b0b5bf4f710VgnVCM1000001d4a900aRCRD&amp;vgnextchannel=d869508929a56510VgnVCM1000008a4a900aRCRD\" target=\"_blank\">estrategia de localizaci\u00f3n de ODS para la ciudad<\/a><\/strong>. <\/p>\n\n\n\n<p class=\"has-medium-font-size\">La\u00a0<a rel=\"noreferrer noopener\" href=\"https:\/\/aavvmadrid.org\/\" target=\"_blank\"><strong>Federaci\u00f3n Regional de Asociaciones Vecinales de Madrid (FRAVM)<\/strong><\/a>, y la <strong><a rel=\"noreferrer noopener\" href=\"https:\/\/www.redongdmad.org\/construyendobarrios2030\/\" target=\"_blank\">Red de ONGD de Madrid<\/a><\/strong>, con el apoyo del Ayuntamiento de Madrid, vienen realizando desde el 2017 un  un proyecto de concreci\u00f3n de ODS en barrios, algunas de cuyas actividades <strong> <a rel=\"noreferrer noopener\" href=\"https:\/\/aavvmadrid.org\/medio-ambiente\/las-asociaciones-vecinales-protagonistas-del-mapa-de-acciones-por-los-objetivos-de-desarrollo-sostenible\/\" target=\"_blank\">pod\u00e9is ver en este mapa<\/a><\/strong>.  <\/p>\n\n\n\n<p class=\"has-medium-font-size\">En este marco, la Asociaci\u00f3n Vecinal la Flor venimos participando en algunas actividades  estos \u00faltimos a\u00f1os,  tanto en el \u00e1mbito de los barrios como en el \u00e1mbito de las reivindicaciones de pol\u00edticas concretas relacionadas con las diferentes metas.<\/p>\n\n\n<p><!--EndFragment--><\/p>","protected":false},"excerpt":{"rendered":"<p>En septiembre del 2015 Naciones Unidas aprob\u00f3 la Agenda 2030, un conjunto de 17 Objetivos de Desarrollo Sostenible\u00a0(ODS) encaminados a &hellip; <a href=\"https:\/\/www.avlaflor.org\/?page_id=2823\" class=\"more-link\">M\u00e1s <span class=\"screen-reader-text\">Objetivos de Desarrollo Sostenible 2030<\/span> <span class=\"meta-nav\">&rarr;<\/span><\/a><\/p>\n","protected":false},"author":6,"featured_media":0,"parent":4049,"menu_order":0,"comment_status":"closed","ping_status":"closed","template":"","meta":{"jetpack_post_was_ever_published":false,"footnotes":""},"class_list":["post-2823","page","type-page","status-publish","hentry"],"jetpack_sharing_enabled":true,"_links":{"self":[{"href":"https:\/\/www.avlaflor.org\/index.php?rest_route=\/wp\/v2\/pages\/2823","targetHints":{"allow":["GET"]}}],"collection":[{"href":"https:\/\/www.avlaflor.org\/index.php?rest_route=\/wp\/v2\/pages"}],"about":[{"href":"https:\/\/www.avlaflor.org\/index.php?rest_route=\/wp\/v2\/types\/page"}],"author":[{"embeddable":true,"href":"https:\/\/www.avlaflor.org\/index.php?rest_route=\/wp\/v2\/users\/6"}],"replies":[{"embeddable":true,"href":"https:\/\/www.avlaflor.org\/index.php?rest_route=%2Fwp%2Fv2%2Fcomments&post=2823"}],"version-history":[{"count":16,"href":"https:\/\/www.avlaflor.org\/index.php?rest_route=\/wp\/v2\/pages\/2823\/revisions"}],"predecessor-version":[{"id":4196,"href":"https:\/\/www.avlaflor.org\/index.php?rest_route=\/wp\/v2\/pages\/2823\/revisions\/4196"}],"up":[{"embeddable":true,"href":"https:\/\/www.avlaflor.org\/index.php?rest_route=\/wp\/v2\/pages\/4049"}],"wp:attachment":[{"href":"https:\/\/www.avlaflor.org\/index.php?rest_route=%2Fwp%2Fv2%2Fmedia&parent=2823"}],"curies":[{"name":"wp","href":"https:\/\/api.w.org\/{rel}","templated":true}]}}