{"id":2995,"date":"2020-04-09T10:35:34","date_gmt":"2020-04-09T08:35:34","guid":{"rendered":"http:\/\/www.avlaflor.org\/?page_id=2995"},"modified":"2021-01-01T18:40:28","modified_gmt":"2021-01-01T17:40:28","slug":"feminismos-y-diversidades","status":"publish","type":"page","link":"https:\/\/www.avlaflor.org\/?page_id=2995","title":{"rendered":"Feminismos y Diversidades"},"content":{"rendered":"\n<p class=\"has-medium-font-size\"><strong><a href=\"http:\/\/www.avlaflor.org\/wp-content\/uploads\/2020\/04\/Caliban-y-la-bruja.-Silvia-Federici.pdf\" target=\"_blank\" rel=\"noreferrer noopener\" aria-label=\"Caliban y la Bruja (opens in a new tab)\">Caliban y la Bruja<\/a><\/strong>. Silvia Federicci<\/p>\n\n\n\n<p class=\"has-medium-font-size\"><strong><a href=\"http:\/\/www.avlaflor.org\/wp-content\/uploads\/2020\/04\/Carol-una-chica-de-mi-instituto.pdf\" target=\"_blank\" rel=\"noreferrer noopener\" aria-label=\"Carol, una chica de mi instituto (opens in a new tab)\">Carol, una chica de mi instituto<\/a><\/strong><\/p>\n\n\n\n<p class=\"has-medium-font-size\"><strong><a href=\"http:\/\/www.avlaflor.org\/wp-content\/uploads\/2020\/04\/C\u00f3micHombresFeministasAlgunosReferentes.pdf\" target=\"_blank\" rel=\"noreferrer noopener\" aria-label=\"Hombres feministas. Algunos referentes (opens in a new tab)\">Hombres feministas. Algunos referentes<\/a><\/strong>. Fundaci\u00f3n CEPAIM<\/p>\n\n\n\n<p class=\"has-medium-font-size\"><strong><a href=\"http:\/\/www.avlaflor.org\/wp-content\/uploads\/2020\/04\/Como-hacer-un-paseo-de-jane.pdf\" target=\"_blank\" rel=\"noreferrer noopener\" aria-label=\"C\u00f3mo hacer un paseo de Jane (opens in a new tab)\">C\u00f3mo hacer un paseo de Jane<\/a><\/strong>. Gu\u00eda did\u00e1ctica Educalab<\/p>\n\n\n\n<p class=\"has-medium-font-size\"><strong><a href=\"http:\/\/www.avlaflor.org\/wp-content\/uploads\/2020\/04\/ConstruyendoEntornosSeguros_CP6.pdf\" target=\"_blank\" rel=\"noreferrer noopener\" aria-label=\"Construyendo entornos seguros desde la perspectiva de g\u00e9nero (opens in a new tab)\">Construyendo entornos seguros desde la perspectiva de g\u00e9nero<\/a><\/strong>. Col.lectiu Punt 6, 2011<\/p>\n\n\n\n<p class=\"has-medium-font-size\"><strong><a href=\"http:\/\/www.avlaflor.org\/wp-content\/uploads\/2020\/04\/DeclaracionDerechosMujerOlimpiaBruges.pdf\" target=\"_blank\" rel=\"noreferrer noopener\" aria-label=\"Declaraci\u00f3n de los derechos de la mujer y de la ciudadana (opens in a new tab)\">Declaraci\u00f3n de los derechos de la mujer y de la ciudadana<\/a><\/strong>. Olympe de Gouges<\/p>\n\n\n\n<p class=\"has-medium-font-size\"><strong><a href=\"http:\/\/www.avlaflor.org\/wp-content\/uploads\/2020\/04\/ecofeminismo.pdf\" data-type=\"URL\" data-id=\"http:\/\/www.avlaflor.org\/wp-content\/uploads\/2020\/04\/ecofeminismo.pdf\" target=\"_blank\" rel=\"noreferrer noopener\">Ecofeminismo<\/a><\/strong>. Carmen Espinar<\/p>\n\n\n\n<p class=\"has-medium-font-size\"><strong><a rel=\"noreferrer noopener\" aria-label=\"Ecofeminismos rurales. Mujeres por la soberan\u00eda alimentaria (opens in a new tab)\" href=\"http:\/\/www.avlaflor.org\/wp-content\/uploads\/2020\/04\/ecofeminismos_sobalimentaria.pdf\" target=\"_blank\">Ecofeminismos rurales. Mujeres por la soberan\u00eda alimentaria<\/a><\/strong>. Mundubat<\/p>\n\n\n\n<p class=\"has-medium-font-size\"><strong><a href=\"http:\/\/www.avlaflor.org\/wp-content\/uploads\/2020\/04\/El-Triunfo-de-la-masculinidad.-Pisano.pdf\" target=\"_blank\" rel=\"noreferrer noopener\" aria-label=\"El triunfo de la masculinidad (opens in a new tab)\">El triunfo de la masculinidad<\/a><\/strong>. Margarita Pisano<\/p>\n\n\n\n<p class=\"has-medium-font-size\"><strong><a href=\"http:\/\/www.avlaflor.org\/wp-content\/uploads\/2020\/04\/El_genero_en_disputa_Buttler.pdf\" target=\"_blank\" rel=\"noreferrer noopener\" aria-label=\"El g\u00e9nero en disputa (opens in a new tab)\">El g\u00e9nero en disputa<\/a><\/strong>. Judith Butler<\/p>\n\n\n\n<p class=\"has-medium-font-size\"><strong><a href=\"http:\/\/www.avlaflor.org\/wp-content\/uploads\/2020\/04\/PatriziaVioli_Elinfinitosingular.pdf\" target=\"_blank\" rel=\"noreferrer noopener\" aria-label=\"El infinitivo singular (opens in a new tab)\">El infinitivo singular<\/a><\/strong>. Patrizia Violi<\/p>\n\n\n\n<p class=\"has-medium-font-size\"><strong><a href=\"http:\/\/www.avlaflor.org\/wp-content\/uploads\/2020\/04\/ElSegundoSexoBeauvoir.pdf\" target=\"_blank\" rel=\"noreferrer noopener\" aria-label=\"El segundo sexo (opens in a new tab)\">El segundo sexo<\/a><\/strong>. Simone de Beauvoir<\/p>\n\n\n\n<p class=\"has-medium-font-size\"><strong><a href=\"http:\/\/www.avlaflor.org\/wp-content\/uploads\/2020\/04\/Lonzi_EscupamossobreHegel.pdf\" target=\"_blank\" rel=\"noreferrer noopener\" aria-label=\"Escupamos sobre Hegel (opens in a new tab)\">Escupamos sobre Hegel<\/a><\/strong>. Carla Lonzi<\/p>\n\n\n\n<p class=\"has-medium-font-size\"><strong><a rel=\"noreferrer noopener\" aria-label=\"Espacios para la vida cotidiana. Auditoria de calidad urbana con perspectiva de g\u00e9nero (opens in a new tab)\" href=\"http:\/\/www.avlaflor.org\/wp-content\/uploads\/2020\/04\/EspaciosVidaCotidianaAuditoria_CP6.pdf\" target=\"_blank\">Espacios para la vida cotidiana. Auditoria de calidad urbana con perspectiva de g\u00e9nero<\/a><\/strong>. Adriana Ciocoletto. Col.lectiu Punt6<\/p>\n\n\n\n<p class=\"has-medium-font-size\"><strong><a href=\"http:\/\/www.avlaflor.org\/wp-content\/uploads\/2020\/04\/Feminismos-negros-TdS.pdf\" target=\"_blank\" rel=\"noreferrer noopener\" aria-label=\"Feminismos negros. Una antolog\u00eda (opens in a new tab)\">Feminismos negros. Una antolog\u00eda<\/a><\/strong>. Mercedes Jabardo (ed)<\/p>\n\n\n\n<p class=\"has-medium-font-size\"><strong><a href=\"http:\/\/www.avlaflor.org\/wp-content\/uploads\/2020\/04\/GU\u00cdA-PERSPECTIVA-G\u00c9NERO_cast.pdf\" target=\"_blank\" rel=\"noreferrer noopener\" aria-label=\"Gu\u00eda para la elaboraci\u00f3n de propuestas con perspectiva de g\u00e9nero (opens in a new tab)\">Gu\u00eda para la elaboraci\u00f3n de propuestas con perspectiva de g\u00e9nero<\/a><\/strong>. Diputaci\u00f3n Foral de Alava 2014<\/p>\n\n\n\n<p class=\"has-medium-font-size\"><strong><a href=\"http:\/\/www.avlaflor.org\/wp-content\/uploads\/2020\/04\/guiaempleo_genero_dinamia.pdf\" target=\"_blank\" rel=\"noreferrer noopener\">Gu\u00eda Orientaci\u00f3n por competencias desde un enfoque de g\u00e9nero.<\/a><\/strong> Dinamia<\/p>\n\n\n\n<p class=\"has-medium-font-size\"><strong><a href=\"http:\/\/www.avlaflor.org\/wp-content\/uploads\/2020\/04\/GuiaLenguajeInclusivoYNoSexistaV2.pdf\" target=\"_blank\" rel=\"noreferrer noopener\" aria-label=\"Gu\u00eda para el uso inclusivo del lenguaje en el Ayuntamiento de Madrid y sus organismos aut\u00f3nomos (opens in a new tab)\">Gu\u00eda para el uso inclusivo del lenguaje en el Ayuntamiento de Madrid y sus organismos aut\u00f3nomos<\/a><\/strong>. 2017<\/p>\n\n\n\n<p class=\"has-medium-font-size\"><strong><a href=\"http:\/\/www.avlaflor.org\/wp-content\/uploads\/2020\/04\/TD_ABOUSSI_JAAFER_Mouna.pdf\" target=\"_blank\" rel=\"noreferrer noopener\" aria-label=\"La escritura autobiogr\u00e1fica de Nawal As-Saadawi. Pol\u00edtica, religi\u00f3n e identidades femeninas (opens in a new tab)\">La escritura autobiogr\u00e1fica de Nawal As-Saadawi. Pol\u00edtica, religi\u00f3n e identidades femeninas<\/a><\/strong>. Mouna Aboussi Jaafer, 2016<\/p>\n\n\n\n<p class=\"has-medium-font-size\"><strong><a href=\"http:\/\/www.avlaflor.org\/wp-content\/uploads\/2020\/04\/informeProstitucionMedicosMundo.pdf\" target=\"_blank\" rel=\"noreferrer noopener\" aria-label=\"La prostituci\u00f3n desde una perspectiva de derechos humanos (opens in a new tab)\">La prostituci\u00f3n desde una perspectiva de derechos humanos<\/a><\/strong>. Alicia Bola\u00f1os. M\u00e9dicos del Mundo<\/p>\n\n\n\n<p class=\"has-medium-font-size\"><strong><a rel=\"noreferrer noopener\" aria-label=\"Las nuevas formas de la guerra y el cuerpo de las mujeres (opens in a new tab)\" href=\"http:\/\/www.avlaflor.org\/wp-content\/uploads\/2020\/04\/Segato-GuerraMujeres.pdf\" target=\"_blank\">Las nuevas formas de la guerra y el cuerpo de las mujeres<\/a><\/strong>. Rita Laura Segato<\/p>\n\n\n\n<p class=\"has-medium-font-size\"><strong><a href=\"http:\/\/www.avlaflor.org\/wp-content\/uploads\/2020\/04\/MujeresEnLaCiudad_AnaFalu.pdf\" target=\"_blank\" rel=\"noreferrer noopener\" aria-label=\"Mujeres en la ciudad. De violencias y derechos. (opens in a new tab)\">Mujeres en la ciudad. De violencias y derechos.<\/a><\/strong> Ana Fal\u00fa (ed)<\/p>\n\n\n\n<p class=\"has-medium-font-size\"><strong><a href=\"http:\/\/www.avlaflor.org\/wp-content\/uploads\/2020\/04\/MujerestrabajandoGuiaDiagnostico_CP6.pdf\" target=\"_blank\" rel=\"noreferrer noopener\" aria-label=\"Mujeres trabajando. Gu\u00eda de reconocimiento urbano con perspectiva de g\u00e9nero (opens in a new tab)\">Mujeres trabajando. Gu\u00eda de reconocimiento urbano con perspectiva de g\u00e9nero<\/a><\/strong>. Col.lectiu Punt 6<\/p>\n\n\n\n<p class=\"has-medium-font-size\"><strong><a rel=\"noreferrer noopener\" aria-label=\"Reconocimiento o redistribuci\u00f3n. Un debate entre marxismo y feminismo (opens in a new tab)\" href=\"http:\/\/www.avlaflor.org\/wp-content\/uploads\/2020\/04\/RedistribucionReconocimientoButlerFraser.pdf\" target=\"_blank\">Reconocimiento o redistribuci\u00f3n. Un debate entre marxismo y feminismo<\/a><\/strong>. Judith Butler<\/p>\n\n\n\n<p class=\"has-medium-font-size\"><strong><a href=\"http:\/\/www.avlaflor.org\/wp-content\/uploads\/2020\/04\/Revolucion-en-punto-cero.-Silvia-Federici.pdf\" target=\"_blank\" rel=\"noreferrer noopener\" aria-label=\"Revoluci\u00f3n en punto cero. Trabajo dom\u00e9stico, reproducci\u00f3n y luchas feministas (opens in a new tab)\">Revoluci\u00f3n en punto cero. Trabajo dom\u00e9stico, reproducci\u00f3n y luchas feministas<\/a><\/strong>. Silvia Federici<\/p>\n\n\n\n<p class=\"has-medium-font-size\"><strong><a href=\"http:\/\/www.avlaflor.org\/wp-content\/uploads\/2020\/04\/Subversi\u00f3n-feminista-de-la-econom\u00eda.-Amaia-P\u00e9rez-Orozco.pdf\" target=\"_blank\" rel=\"noreferrer noopener\" aria-label=\"Subversi\u00f3n feminista de la econom\u00eda. Apuntes para un debate sobre el conflicto capital-vida (opens in a new tab)\">Subversi\u00f3n feminista de la econom\u00eda. Apuntes para un debate sobre el conflicto capital-vida<\/a><\/strong>. Amaia P\u00e9rez Orozco<\/p>\n\n\n\n<p class=\"has-medium-font-size\"><strong><a href=\"http:\/\/www.avlaflor.org\/wp-content\/uploads\/2020\/04\/UnaHabitacionPropiaWolf.pdf\" target=\"_blank\" rel=\"noreferrer noopener\" aria-label=\"Una habitaci\u00f3n propia (opens in a new tab)\">Una habitaci\u00f3n propia<\/a><\/strong>. Virginia Wolf<\/p>\n\n\n\n<p class=\"has-medium-font-size\"><strong><a href=\"http:\/\/www.avlaflor.org\/wp-content\/uploads\/2020\/04\/UnDestelloDeLibertad_Taylor17.pdf\" target=\"_blank\" rel=\"noreferrer noopener\" aria-label=\"Un destello de libertad. De #blacklivesmater a la liberaci\u00f3n negra. (opens in a new tab)\">Un destello de libertad. De #blacklivesmater a la liberaci\u00f3n negra.<\/a><\/strong> Keeanga-Yamahtta Taylor<\/p>\n\n\n\n<p class=\"has-medium-font-size\"><strong><a href=\"http:\/\/www.avlaflor.org\/wp-content\/uploads\/2020\/04\/vindicacion_derechos_mujer_1792.pdf\" target=\"_blank\" rel=\"noreferrer noopener\" aria-label=\"Vindicaci\u00f3n de los derechos de la mujer (opens in a new tab)\">Vindicaci\u00f3n de los derechos de la mujer<\/a><\/strong>. Mary Wollstonecraft<\/p>\n\n\n\n<p class=\"has-medium-font-size\"><strong><a href=\"http:\/\/www.avlaflor.org\/wp-content\/uploads\/2020\/04\/violenciaMachistaMMSS.pdf\" target=\"_blank\" rel=\"noreferrer noopener\" aria-label=\"Tijeras para todas. Textos sobre violencia machista en los movimientos sociales (opens in a new tab)\">Tijeras para todas. Textos sobre violencia machista en los movimientos sociales<\/a><\/strong><\/p>\n","protected":false},"excerpt":{"rendered":"<p>Caliban y la Bruja. Silvia Federicci Carol, una chica de mi instituto Hombres feministas. Algunos referentes. Fundaci\u00f3n CEPAIM C\u00f3mo hacer &hellip; <a href=\"https:\/\/www.avlaflor.org\/?page_id=2995\" class=\"more-link\">M\u00e1s <span class=\"screen-reader-text\">Feminismos y Diversidades<\/span> <span class=\"meta-nav\">&rarr;<\/span><\/a><\/p>\n","protected":false},"author":6,"featured_media":0,"parent":3121,"menu_order":3,"comment_status":"closed","ping_status":"closed","template":"","meta":{"jetpack_post_was_ever_published":false,"footnotes":""},"class_list":["post-2995","page","type-page","status-publish","hentry"],"jetpack_sharing_enabled":true,"_links":{"self":[{"href":"https:\/\/www.avlaflor.org\/index.php?rest_route=\/wp\/v2\/pages\/2995","targetHints":{"allow":["GET"]}}],"collection":[{"href":"https:\/\/www.avlaflor.org\/index.php?rest_route=\/wp\/v2\/pages"}],"about":[{"href":"https:\/\/www.avlaflor.org\/index.php?rest_route=\/wp\/v2\/types\/page"}],"author":[{"embeddable":true,"href":"https:\/\/www.avlaflor.org\/index.php?rest_route=\/wp\/v2\/users\/6"}],"replies":[{"embeddable":true,"href":"https:\/\/www.avlaflor.org\/index.php?rest_route=%2Fwp%2Fv2%2Fcomments&post=2995"}],"version-history":[{"count":11,"href":"https:\/\/www.avlaflor.org\/index.php?rest_route=\/wp\/v2\/pages\/2995\/revisions"}],"predecessor-version":[{"id":3619,"href":"https:\/\/www.avlaflor.org\/index.php?rest_route=\/wp\/v2\/pages\/2995\/revisions\/3619"}],"up":[{"embeddable":true,"href":"https:\/\/www.avlaflor.org\/index.php?rest_route=\/wp\/v2\/pages\/3121"}],"wp:attachment":[{"href":"https:\/\/www.avlaflor.org\/index.php?rest_route=%2Fwp%2Fv2%2Fmedia&parent=2995"}],"curies":[{"name":"wp","href":"https:\/\/api.w.org\/{rel}","templated":true}]}}