{"id":3851,"date":"2021-09-17T17:57:49","date_gmt":"2021-09-17T15:57:49","guid":{"rendered":"http:\/\/www.avlaflor.org\/?page_id=3851"},"modified":"2023-07-15T20:01:54","modified_gmt":"2023-07-15T18:01:54","slug":"grupos-de-trabajo","status":"publish","type":"page","link":"https:\/\/www.avlaflor.org\/?page_id=3851","title":{"rendered":"Grupos de Trabajo"},"content":{"rendered":"\n<p class=\"has-medium-font-size\">La Asociaci\u00f3n Vecinal desarrollamos nuestras actividades mediante grupos de trabajo sobre tem\u00e1ticas concretas (<strong>grupos motores<\/strong>). Cada grupo de trabajo, dentro de las premisas generales de la asociaci\u00f3n, y conociendo todos nuestros recursos, actuamos de forma colectiva, aut\u00f3noma, creativa y coordinada.<\/p>\n\n\n\n<p class=\"has-medium-font-size\">Los grupos de trabajo son abiertos a personas no inscritas en la asociaci\u00f3n, y algunos requieren de disponer de determinadas habilidades o conocimientos, facilitando de esta forma el trabajo organizado de las vecinas y vecinos de los barrios.<\/p>\n\n\n\n<p class=\"has-medium-font-size\">En este a\u00f1o 2023, los grupos abiertos activos son los siguientes:<\/p>\n\n\n\n<p class=\"has-medium-font-size\"><strong>Biblioteca.<\/strong> Gesti\u00f3n de la biblioteca del Centro Comunitario Guatemala. Organizaci\u00f3n de libros, Laboratorio Ciudadano, Presentaciones de libros, Debates, Cineforum, Libros a la Calle&#8230;<\/p>\n\n\n\n<p class=\"has-medium-font-size\"><strong>Huerta<\/strong>. Gesti\u00f3n de la huerta cedida en el Centro Comunitario Guatemala, en coordinaci\u00f3n con las otras entidades del centro.<\/p>\n\n\n\n<p class=\"has-medium-font-size\"><strong>Oficina de Derechos Sociales y Apoyo Mutuo Comunitario<\/strong>. Asesoramiento y talleres sobre distintas tem\u00e1ticas relacionadas con los derechos sociales de las personas, colectivos y comunidades.<\/p>\n\n\n\n<p class=\"has-medium-font-size\"><strong>Talleres de Inform\u00e1tica y Redes<\/strong>. Espacios de aprendizaje y mejora de la utilizaci\u00f3n de las herramientas inform\u00e1ticas y redes sociales.<\/p>\n\n\n\n<p class=\"has-medium-font-size\"><strong>Onda Violeta<\/strong>. Radio Comunitaria online. Para facilitar y apoyar la iniciativa de las vecinas y vecinos en  el desarrollo de una cultura cr\u00edtica, colaborativa, proactiva y participativa.<\/p>\n\n\n\n<p class=\"has-medium-font-size\"><strong>Apoyo a La Osa Coop<\/strong>. La asociaci\u00f3n apoyamos la econom\u00eda solidaria, y el consumo sostenible, y este espacio cooperativo nacido hace tres a\u00f1os cuenta con nuestro apoyo activo. <\/p>\n\n\n\n<p class=\"has-medium-font-size\"><strong>Comunicaci\u00f3n<\/strong>. Estamos elaborando y desarrollando un Plan de Comunicaci\u00f3n para mejorar nuestra incidencia en el distrito y en la ciudad.<\/p>\n","protected":false},"excerpt":{"rendered":"<p>La Asociaci\u00f3n Vecinal desarrollamos nuestras actividades mediante grupos de trabajo sobre tem\u00e1ticas concretas (grupos motores). Cada grupo de trabajo, dentro &hellip; <a href=\"https:\/\/www.avlaflor.org\/?page_id=3851\" class=\"more-link\">M\u00e1s <span class=\"screen-reader-text\">Grupos de Trabajo<\/span> <span class=\"meta-nav\">&rarr;<\/span><\/a><\/p>\n","protected":false},"author":2,"featured_media":0,"parent":35,"menu_order":0,"comment_status":"closed","ping_status":"closed","template":"","meta":{"jetpack_post_was_ever_published":false,"footnotes":""},"class_list":["post-3851","page","type-page","status-publish","hentry"],"jetpack_sharing_enabled":true,"_links":{"self":[{"href":"https:\/\/www.avlaflor.org\/index.php?rest_route=\/wp\/v2\/pages\/3851","targetHints":{"allow":["GET"]}}],"collection":[{"href":"https:\/\/www.avlaflor.org\/index.php?rest_route=\/wp\/v2\/pages"}],"about":[{"href":"https:\/\/www.avlaflor.org\/index.php?rest_route=\/wp\/v2\/types\/page"}],"author":[{"embeddable":true,"href":"https:\/\/www.avlaflor.org\/index.php?rest_route=\/wp\/v2\/users\/2"}],"replies":[{"embeddable":true,"href":"https:\/\/www.avlaflor.org\/index.php?rest_route=%2Fwp%2Fv2%2Fcomments&post=3851"}],"version-history":[{"count":4,"href":"https:\/\/www.avlaflor.org\/index.php?rest_route=\/wp\/v2\/pages\/3851\/revisions"}],"predecessor-version":[{"id":4148,"href":"https:\/\/www.avlaflor.org\/index.php?rest_route=\/wp\/v2\/pages\/3851\/revisions\/4148"}],"up":[{"embeddable":true,"href":"https:\/\/www.avlaflor.org\/index.php?rest_route=\/wp\/v2\/pages\/35"}],"wp:attachment":[{"href":"https:\/\/www.avlaflor.org\/index.php?rest_route=%2Fwp%2Fv2%2Fmedia&parent=3851"}],"curies":[{"name":"wp","href":"https:\/\/api.w.org\/{rel}","templated":true}]}}